{"id":7701,"date":"2020-06-15T09:51:25","date_gmt":"2020-06-15T09:51:25","guid":{"rendered":"https:\/\/evebegalli.com\/?post_type=product&#038;p=7701"},"modified":"2021-06-04T08:50:59","modified_gmt":"2021-06-04T08:50:59","slug":"masque-chokwe-angola","status":"publish","type":"product","link":"https:\/\/evebegalli.com\/en\/product\/masque-chokwe-angola\/","title":{"rendered":"Masque Chokwe, Angola"},"content":{"rendered":"<div class=\"epyt-video-wrapper\"><iframe  id=\"_ytid_43093\"  width=\"1200\" height=\"675\"  data-origwidth=\"1200\" data-origheight=\"675\" src=\"https:\/\/www.youtube.com\/embed\/JnvupfyO3tI?enablejsapi=1&autoplay=0&cc_load_policy=0&cc_lang_pref=&iv_load_policy=1&loop=0&rel=0&fs=1&playsinline=0&autohide=2&theme=dark&color=red&controls=1&disablekb=0&\" class=\"__youtube_prefs__  no-lazyload\" title=\"YouTube player\"  allow=\"fullscreen; accelerometer; autoplay; clipboard-write; encrypted-media; gyroscope; picture-in-picture; web-share\" referrerpolicy=\"strict-origin-when-cross-origin\" allowfullscreen data-no-lazy=\"1\" data-skipgform_ajax_framebjll=\"\"><\/iframe><\/div>","protected":false},"excerpt":{"rendered":"<p>Masque f\u00e9minin P<i>wo<\/i>\u00a0(femme, ou\u00a0<i>mwana pwo,<\/i>\u00a0jeune femme) inspir\u00e9 des traits d&rsquo;une femme dont la beaut\u00e9 suscitait la plus grande admiration, il symbolise le r\u00f4le primordial jou\u00e9 par les femmes au sein de la soci\u00e9t\u00e9 matrilin\u00e9aire Chokwe, et en exprime pleinement l&rsquo;id\u00e9al de beaut\u00e9.<br \/>\nLes orbites tr\u00e8s creus\u00e9es concentrant l&rsquo;attention sur les larges yeux mi-clos en grain de caf\u00e9 perc\u00e9s d&rsquo;une mince fente plac\u00e9s sous des sourcils en relief, cr\u00e9ent un jeu subtil de courbes et contre-courbes avec les joues et la bouche entrouverte vers l&rsquo;avant accentuant visuellement l&rsquo;extr\u00eame sensibilit\u00e9 des model\u00e9s. Les narines sont perc\u00e9es avec l&rsquo;insertion d&rsquo;un fin cylindre en bois.\u00a0 La beaut\u00e9 id\u00e9alis\u00e9e du visage f\u00e9minin s&rsquo;exprime tant dans le soin accord\u00e9 \u00e0 la parure, \u00e9l\u00e9gance des scarifications, dents lim\u00e9es en pointe rehauss\u00e9es de kaolin, coiffe en diad\u00e8me, que par la profonde spiritualit\u00e9 qui l&rsquo;impr\u00e8gne. Enfin une superbe patine rouge-brune profonde, rehauss\u00e9e de noir sur les yeux, les sourcils, la bouche et les scarifications met en valeur la pr\u00e9cision des traits.\u00a0 Marques d\u2019usage internes.<br \/>\nLes gravures incis\u00e9es sur la face ont des significations bien pr\u00e9cises, ainsi la croix <i>chingelyengelye<\/i> sur le front est une marque identitaire des Chokwe jusqu&rsquo;au d\u00e9but du XX\u00e8me si\u00e8cle et se rencontre sur de nombreux objets, interpr\u00e9t\u00e9e comme un <em>cosmogramme<\/em>, tandis que les motifs circulaires sur chaque joue \u00e9voquent un disque solaire joint par des larmes.<br \/>\nLe masque P<i>wo,<\/i> port\u00e9 lors des danses par des hommes afin d&rsquo;honorer les femmes, notamment les m\u00e8res des initi\u00e9s, durant la <i>mukanda, <\/i>l\u2019initiation des jeunes gar\u00e7ons, est bien plus qu&rsquo;une repr\u00e9sentation f\u00e9minine, il incarne le lien de la nouvelle classe d\u2019\u00e2ge avec une anc\u00eatre, et plus largement les rapports fondamentaux \u00ab entre la communaut\u00e9 villageoise et la chefferie, les anc\u00eatres et les esprits tut\u00e9laires (Wastiau, 2006: 44-45).\u00a0 Cette occasion marque \u00e9galement la dissolution des liens d&rsquo;intimit\u00e9 entre les m\u00e8res et leurs fils. La fiert\u00e9 et le chagrin que cet \u00e9v\u00e9nement repr\u00e9sente pour les femmes Chokwe sont \u00e9voqu\u00e9s par le motif de larme.<\/p>\n<p><strong>Origin<\/strong><br \/>\nEx Collection priv\u00e9e, Belgique<br \/>\nEx Galerie Mondes d&rsquo;Hier \u2013 Yvan Guerrin \u2013 Bruxelles<br \/>\nCollection Eve Begalli, Grenoble, 2018<\/p>","protected":false},"featured_media":7706,"template":"","meta":{"_exactmetrics_skip_tracking":false,"_exactmetrics_sitenote_active":false,"_exactmetrics_sitenote_note":"","_exactmetrics_sitenote_category":0,"neve_meta_sidebar":"","neve_meta_container":"","neve_meta_enable_content_width":"on","neve_meta_content_width":100,"neve_meta_title_alignment":"","neve_meta_author_avatar":"","neve_post_elements_order":"","neve_meta_disable_header":"","neve_meta_disable_footer":"","neve_meta_disable_title":"","_themeisle_gutenberg_block_has_review":false},"product_brand":[],"product_cat":[26],"product_tag":[],"class_list":{"0":"post-7701","1":"product","2":"type-product","3":"status-publish","4":"has-post-thumbnail","6":"product_cat-masques","7":"pa_dimensions-h-205-cm","8":"pa_epoque-premiere-moitie-du-xxeme-siecle","9":"pa_ethnie-chokwe","10":"pa_materiaux-bois-pigments","11":"pa_pays-angola","13":"first","14":"outofstock","15":"sold-individually","16":"taxable","17":"shipping-taxable","18":"product-type-simple","19":"add-to-wishlist-before_image"},"_links":{"self":[{"href":"https:\/\/evebegalli.com\/en\/wp-json\/wp\/v2\/product\/7701","targetHints":{"allow":["GET"]}}],"collection":[{"href":"https:\/\/evebegalli.com\/en\/wp-json\/wp\/v2\/product"}],"about":[{"href":"https:\/\/evebegalli.com\/en\/wp-json\/wp\/v2\/types\/product"}],"version-history":[{"count":0,"href":"https:\/\/evebegalli.com\/en\/wp-json\/wp\/v2\/product\/7701\/revisions"}],"wp:featuredmedia":[{"embeddable":true,"href":"https:\/\/evebegalli.com\/en\/wp-json\/wp\/v2\/media\/7706"}],"wp:attachment":[{"href":"https:\/\/evebegalli.com\/en\/wp-json\/wp\/v2\/media?parent=7701"}],"wp:term":[{"taxonomy":"product_brand","embeddable":true,"href":"https:\/\/evebegalli.com\/en\/wp-json\/wp\/v2\/product_brand?post=7701"},{"taxonomy":"product_cat","embeddable":true,"href":"https:\/\/evebegalli.com\/en\/wp-json\/wp\/v2\/product_cat?post=7701"},{"taxonomy":"product_tag","embeddable":true,"href":"https:\/\/evebegalli.com\/en\/wp-json\/wp\/v2\/product_tag?post=7701"}],"curies":[{"name":"wp","href":"https:\/\/api.w.org\/{rel}","templated":true}]}}