{"id":6077,"date":"2020-04-12T07:36:54","date_gmt":"2020-04-12T07:36:54","guid":{"rendered":"https:\/\/evebegalli.com\/?post_type=product&#038;p=6077"},"modified":"2020-09-20T07:40:14","modified_gmt":"2020-09-20T07:40:14","slug":"statue-kongo-vili-republique-democratique-du-congo","status":"publish","type":"product","link":"https:\/\/evebegalli.com\/en\/product\/statue-kongo-vili-republique-democratique-du-congo\/","title":{"rendered":"Statue Kongo Vili, R\u00e9publique D\u00e9mocratique du Congo"},"content":{"rendered":"<div class=\"epyt-video-wrapper\"><iframe  id=\"_ytid_15290\"  width=\"1200\" height=\"675\"  data-origwidth=\"1200\" data-origheight=\"675\" src=\"https:\/\/www.youtube.com\/embed\/nHfgEhTm5Co?enablejsapi=1&autoplay=0&cc_load_policy=0&cc_lang_pref=&iv_load_policy=1&loop=0&rel=0&fs=1&playsinline=0&autohide=2&theme=dark&color=red&controls=1&disablekb=0&\" class=\"__youtube_prefs__  no-lazyload\" title=\"YouTube player\"  allow=\"fullscreen; accelerometer; autoplay; clipboard-write; encrypted-media; gyroscope; picture-in-picture; web-share\" referrerpolicy=\"strict-origin-when-cross-origin\" allowfullscreen data-no-lazy=\"1\" data-skipgform_ajax_framebjll=\"\"><\/iframe><\/div>","protected":false},"excerpt":{"rendered":"<p style=\"text-align: left;\">Figure de pouvoir Kongo en position accroupi sur deux personnages, zoomorphe et anthropomorphe, tenant sur un genoux une figure r\u00e9duite, un enfant ou une allusion aux esprits ou aux anc\u00eatres et une coupe dans la main gauche. Dans le long ovale du visage projet\u00e9 vers l\u2019avant, le sculpteur a ici accentu\u00e9 les crit\u00e8res id\u00e9alis\u00e9s de la beaut\u00e9 Kongo : bouche charnue aux l\u00e8vres d\u00e9licatement ourl\u00e9es, long nez aquilin, sourcils fins et arqu\u00e9s et oreilles au pavillon d\u00e9taill\u00e9. L&rsquo;ensemble du dos est finement scarifi\u00e9 de motifs en losanges en bas relief.\u00a0 Une tresse de fibres v\u00e9g\u00e9tales est enroul\u00e9 au cou de la statue. Les yeux sertis de verre aux pupilles noires semblent sonder l\u2019invisible renvoient aux capacit\u00e9s m\u00e9diumniques renforc\u00e9es par la pr\u00e9sence du quadrup\u00e8de, le chien, figure symbolique pour la pr\u00e9cision de ses facult\u00e9s olfactives et qui, selon le mythe, poss\u00e8de le don de double vue. Cette sculpture r\u00e9aliste, symbolise la domination et le pouvoir du clan, gr\u00e2ce \u00e0 l&rsquo;attitude du personnage central, dont le pied est pos\u00e9 sur le chien, et le genoux sur l&rsquo;effigie anthropomorphe \u00a0Dans ce contraste superbement abouti entre l\u2019incarnation de la puissance et celle de la beaut\u00e9, l\u2019artiste a exprim\u00e9 toute la complexit\u00e9 de ces statues Kongo, objets \u00ab ambivalents et multifonctionnels, qui agressent comme ils prot\u00e8gent et gu\u00e9rissent \u00bb (Felix, Art &amp; Kongos, 1995, p. 67).\u00a0 S\u2019ajoute ici l\u2019archa\u00efsme de la figure visible dans les nuances de la patine, cro\u00fbteuse par endroit, t\u00e9moignant des nombreuses manipulations subies par cette \u0153uvre.<\/p>\n<p><strong>Origin<\/strong><br \/>\nEx French collection<br \/>\nCollection Eve Begalli, Grenoble, acquise en 2017<\/p>\n<p>&nbsp;<\/p>","protected":false},"featured_media":6092,"template":"","meta":{"_exactmetrics_skip_tracking":false,"_exactmetrics_sitenote_active":false,"_exactmetrics_sitenote_note":"","_exactmetrics_sitenote_category":0,"neve_meta_sidebar":"","neve_meta_container":"","neve_meta_enable_content_width":"on","neve_meta_content_width":100,"neve_meta_title_alignment":"","neve_meta_author_avatar":"","neve_post_elements_order":"","neve_meta_disable_header":"","neve_meta_disable_footer":"","neve_meta_disable_title":"","_themeisle_gutenberg_block_has_review":false},"product_brand":[],"product_cat":[27],"product_tag":[],"class_list":{"0":"post-6077","1":"product","2":"type-product","3":"status-publish","4":"has-post-thumbnail","6":"product_cat-statues","7":"pa_dimensions-h-42-cm","8":"pa_epoque-circa-1950","9":"pa_ethnie-kongo-vili","10":"pa_materiaux-bois-lames-et-clous-de-fer-coquillage-verre-fibres","11":"pa_pays-r-d-du-congo","13":"first","14":"outofstock","15":"sold-individually","16":"taxable","17":"shipping-taxable","18":"product-type-simple","19":"add-to-wishlist-before_image"},"_links":{"self":[{"href":"https:\/\/evebegalli.com\/en\/wp-json\/wp\/v2\/product\/6077","targetHints":{"allow":["GET"]}}],"collection":[{"href":"https:\/\/evebegalli.com\/en\/wp-json\/wp\/v2\/product"}],"about":[{"href":"https:\/\/evebegalli.com\/en\/wp-json\/wp\/v2\/types\/product"}],"version-history":[{"count":0,"href":"https:\/\/evebegalli.com\/en\/wp-json\/wp\/v2\/product\/6077\/revisions"}],"wp:featuredmedia":[{"embeddable":true,"href":"https:\/\/evebegalli.com\/en\/wp-json\/wp\/v2\/media\/6092"}],"wp:attachment":[{"href":"https:\/\/evebegalli.com\/en\/wp-json\/wp\/v2\/media?parent=6077"}],"wp:term":[{"taxonomy":"product_brand","embeddable":true,"href":"https:\/\/evebegalli.com\/en\/wp-json\/wp\/v2\/product_brand?post=6077"},{"taxonomy":"product_cat","embeddable":true,"href":"https:\/\/evebegalli.com\/en\/wp-json\/wp\/v2\/product_cat?post=6077"},{"taxonomy":"product_tag","embeddable":true,"href":"https:\/\/evebegalli.com\/en\/wp-json\/wp\/v2\/product_tag?post=6077"}],"curies":[{"name":"wp","href":"https:\/\/api.w.org\/{rel}","templated":true}]}}