{"id":5426,"date":"2020-03-18T15:22:49","date_gmt":"2020-03-18T15:22:49","guid":{"rendered":"https:\/\/evebegalli.com\/?post_type=product&#038;p=5426"},"modified":"2022-06-12T19:53:18","modified_gmt":"2022-06-12T19:53:18","slug":"songye-congo","status":"publish","type":"product","link":"https:\/\/evebegalli.com\/en\/product\/songye-congo\/","title":{"rendered":"Statue Songye Nkisi R\u00e9publique D\u00e9mocratique du Congo"},"content":{"rendered":"<div class=\"epyt-video-wrapper\"><iframe  id=\"_ytid_93198\"  width=\"1200\" height=\"675\"  data-origwidth=\"1200\" data-origheight=\"675\" src=\"https:\/\/www.youtube.com\/embed\/mSZnUZ3hFNA?enablejsapi=1&autoplay=0&cc_load_policy=0&cc_lang_pref=&iv_load_policy=1&loop=0&rel=0&fs=1&playsinline=0&autohide=2&theme=dark&color=red&controls=1&disablekb=0&\" class=\"__youtube_prefs__  no-lazyload\" title=\"YouTube player\"  allow=\"fullscreen; accelerometer; autoplay; clipboard-write; encrypted-media; gyroscope; picture-in-picture; web-share\" referrerpolicy=\"strict-origin-when-cross-origin\" allowfullscreen data-no-lazy=\"1\" data-skipgform_ajax_framebjll=\"\"><\/iframe><\/div>","protected":false},"excerpt":{"rendered":"<p>Grande effigie masculine debout sur un socle circulaire, v\u00eatue d&rsquo;un pagne en \u00e9toffe de raphia, enserrant de ses mains en forme de trap\u00e8ze l&rsquo;abdomen gonfl\u00e9, \u00e9vocation du pouvoir de protection sur le lignage. La position des bras ajoute du volume et leur posture angulaire souligne la forme du corps \u00e9pais. La zone ombilicale creuse avec des restes de pigments rouges, conservait sa charge magique. Des bandes de cuivre et des clous m\u00e9talliques sont appliqu\u00e9es sur le visage de la statue. La t\u00eate piriforme est surmont\u00e9e d\u2019une corne d\u2019antilope (charg\u00e9e de composantes magiques), et d&rsquo;un diad\u00e8me frontal \u00e0 deux rangs de lamelles de fer qui compl\u00e8te le caract\u00e8re en partie m\u00e9tallique du f\u00e9tiche. Son visage inscrit dans un triangle est marqu\u00e9 d&rsquo;yeux fendus soulign\u00e9s d&rsquo;une bille de cuivre, la bouche ouverte en huit, mena\u00e7ante ou loquace. Un collier \u00e0 trois rangs de perles de verre bleu et de bois, plac\u00e9 par le sorcier, orne le cou, et participe au pouvoir d&rsquo;attraction du f\u00e9tiche. Bois dur \u00e0 patine brune.<br \/>\nLes statues Songy\u00e9 de grande dimension, \u00e0 l&rsquo;image de celle-ci, \u00e9taient destin\u00e9es \u00e0 servir \u00e0 toute une communaut\u00e9, et \u00e9taient li\u00e9es \u00e0 la procr\u00e9ation, \u00e0 la protection contre les maladies, la sorcellerie, la guerre, et la pr\u00e9servation de revendications territoriales. D&rsquo;aprs Hersak (1986), elles se distinguent des autres objets magiques Songy\u00e9 car ce sont des instruments permettant d&rsquo;interagir avec des esprits sup\u00e9rieurs associ\u00e9s aux anc\u00eatres. Les communaut\u00e9s pouvaient ainsi invoquer les esprits de leurs a\u00efeux \u00e0 l&rsquo;aide de ces effigies. C&rsquo;est pourquoi ces sculptures, g\u00e9n\u00e9ralement masculines, pr\u00e9sentent des attributs caract\u00e9ristiques de chefs, de guerriers ou de chasseurs, trois rangs sociaux particuli\u00e8rement respect\u00e9s puis qu\u2019essentiels \u00e0 la survie de la communaut\u00e9. Le pouvoir de ces figures, invariablement manipul\u00e9es par un sorcier exp\u00e9riment\u00e9, \u00e9tait craint et elles devaient \u00eatre manipul\u00e9es avec pr\u00e9caution.<\/p>\n<p>Ex French collection<br \/>\nCollection Eve Begalli, Grenoble, acquise en 2018<\/p>","protected":false},"featured_media":5442,"template":"","meta":{"_exactmetrics_skip_tracking":false,"_exactmetrics_sitenote_active":false,"_exactmetrics_sitenote_note":"","_exactmetrics_sitenote_category":0,"neve_meta_sidebar":"","neve_meta_container":"","neve_meta_enable_content_width":"on","neve_meta_content_width":100,"neve_meta_title_alignment":"","neve_meta_author_avatar":"","neve_post_elements_order":"","neve_meta_disable_header":"","neve_meta_disable_footer":"","neve_meta_disable_title":"","_themeisle_gutenberg_block_has_review":false},"product_brand":[],"product_cat":[27],"product_tag":[],"class_list":{"0":"post-5426","1":"product","2":"type-product","3":"status-publish","4":"has-post-thumbnail","6":"product_cat-statues","7":"pa_dimensions-h-58-cm","8":"pa_epoque-circa-1950","9":"pa_ethnie-songye","10":"pa_materiaux-bois-laiton-fibres-vegetales-pigments-corne-animal","11":"pa_pays-r-d-du-congo","13":"first","14":"instock","15":"sale","16":"sold-individually","17":"taxable","18":"shipping-taxable","19":"purchasable","20":"product-type-simple","21":"add-to-wishlist-before_image"},"_links":{"self":[{"href":"https:\/\/evebegalli.com\/en\/wp-json\/wp\/v2\/product\/5426","targetHints":{"allow":["GET"]}}],"collection":[{"href":"https:\/\/evebegalli.com\/en\/wp-json\/wp\/v2\/product"}],"about":[{"href":"https:\/\/evebegalli.com\/en\/wp-json\/wp\/v2\/types\/product"}],"version-history":[{"count":0,"href":"https:\/\/evebegalli.com\/en\/wp-json\/wp\/v2\/product\/5426\/revisions"}],"wp:featuredmedia":[{"embeddable":true,"href":"https:\/\/evebegalli.com\/en\/wp-json\/wp\/v2\/media\/5442"}],"wp:attachment":[{"href":"https:\/\/evebegalli.com\/en\/wp-json\/wp\/v2\/media?parent=5426"}],"wp:term":[{"taxonomy":"product_brand","embeddable":true,"href":"https:\/\/evebegalli.com\/en\/wp-json\/wp\/v2\/product_brand?post=5426"},{"taxonomy":"product_cat","embeddable":true,"href":"https:\/\/evebegalli.com\/en\/wp-json\/wp\/v2\/product_cat?post=5426"},{"taxonomy":"product_tag","embeddable":true,"href":"https:\/\/evebegalli.com\/en\/wp-json\/wp\/v2\/product_tag?post=5426"}],"curies":[{"name":"wp","href":"https:\/\/api.w.org\/{rel}","templated":true}]}}