{"id":2374,"date":"2019-11-24T17:27:52","date_gmt":"2019-11-24T17:27:52","guid":{"rendered":"https:\/\/evebegalli.com\/?post_type=product&#038;p=2374"},"modified":"2023-02-19T11:31:34","modified_gmt":"2023-02-19T11:31:34","slug":"statue-mere-et-enfant-bamana-gwandusu-mali","status":"publish","type":"product","link":"https:\/\/evebegalli.com\/en\/product\/statue-mere-et-enfant-bamana-gwandusu-mali\/","title":{"rendered":"Statue M\u00e8re et enfant Bamana, Gwandusu, Mali"},"content":{"rendered":"<div class=\"epyt-video-wrapper\"><iframe  id=\"_ytid_16770\"  width=\"1200\" height=\"675\"  data-origwidth=\"1200\" data-origheight=\"675\" src=\"https:\/\/www.youtube.com\/embed\/9Az7k5ulfdo?enablejsapi=1&autoplay=0&cc_load_policy=0&cc_lang_pref=&iv_load_policy=1&loop=0&rel=0&fs=1&playsinline=0&autohide=2&theme=dark&color=red&controls=1&disablekb=0&\" class=\"__youtube_prefs__  no-lazyload\" title=\"YouTube player\"  allow=\"fullscreen; accelerometer; autoplay; clipboard-write; encrypted-media; gyroscope; picture-in-picture; web-share\" referrerpolicy=\"strict-origin-when-cross-origin\" allowfullscreen data-no-lazy=\"1\" data-skipgform_ajax_framebjll=\"\"><\/iframe><\/div>","protected":false},"excerpt":{"rendered":"<p>Grande statue d&rsquo;une m\u00e8re assise dont les bras serrent \u00e9troitement son enfant sous une ample poitrine. La forme est solide, compacte, \u00e9vocatrice de stabilit\u00e9 et \u00e9quilibre.<br \/>\nLes notions de beaut\u00e9 Bamana sont \u00e9voqu\u00e9es dans cette figure de m\u00e8re et d\u2019enfant. La figure fait partie d&rsquo;un corpus de grandes sculptures relativement naturalistes dont les volumes arrondis et la vari\u00e9t\u00e9 des gestes s&rsquo;\u00e9cartent des formes angulaires et des postures raides caract\u00e9ristiques de nombreux autres types de sculptures Bamana.<br \/>\nSculpture taill\u00e9e en coupes franches, le buste s&rsquo;\u00e9largit en des \u00e9paules cubistes puissantes, avec la particularit\u00e9 des deux nattes retombantes qui se confondent avec la poitrine g\u00e9n\u00e9reuse. La t\u00eate surmont\u00e9 d&rsquo;un chapeau de chasseur, est sculpt\u00e9e d&rsquo;un beau visage aux paupi\u00e8res baiss\u00e9es, orn\u00e9 de scarifications sur le front et \u00e0 la commissure des l\u00e8vres. Elle maintient son enfant au-dessus d&rsquo;un nombril saillant, les bras et les poignets sont orn\u00e9s de bracelets sculpt\u00e9s et les belles oreilles sont perc\u00e9es de trous qui dans le temps ont perdus leur bijoux.<br \/>\nLes traces d&rsquo;outil r\u00e9guli\u00e8res font jouer la lumi\u00e8re sur la patine sombre, quelques incisions d\u00e9taillant \u00e7a et l\u00e0 cette oeuvre aux lignes pures.<br \/>\nLa pr\u00e9sence du d\u00e9cor g\u00e9om\u00e9trique repr\u00e9sentant les scarifications sur le dos et les \u00e9paules associ\u00e9e \u00e0 une tr\u00e8s belle patine d&rsquo;anciennet\u00e9 t\u00e9moignent de l&rsquo;importance de cette \u0153uvre qui avait pour but premier de valoriser la fonction sociale du Dyo et du Gwan lors des repr\u00e9sentations rituelles annuelles dans lesquelles cette belle statue \u00e9tait utilis\u00e9e.<\/p>\n<p><strong>Origin<\/strong><br \/>\nCollected in situ in 1950 by Gabriel Sala<br \/>\nEx Collection Safari Museum, ca. 1980 Montverdun<br \/>\nEx Collection Marc Cohen, Saint-Rapha\u00ebl, acquired in 2011<br \/>\nEve Begalli collection, Grenoble, acquired in 2015<\/p>\n<p><a href=\"https:\/\/www.pressreader.com\/monaco\/monaco-matin\/20161028\/281779923672562\">https:\/\/www.pressreader.com\/monaco\/monaco-matin\/20161028\/281779923672562<\/a><\/p>","protected":false},"featured_media":2385,"template":"","meta":{"_exactmetrics_skip_tracking":false,"_exactmetrics_sitenote_active":false,"_exactmetrics_sitenote_note":"","_exactmetrics_sitenote_category":0,"neve_meta_sidebar":"","neve_meta_container":"","neve_meta_enable_content_width":"on","neve_meta_content_width":100,"neve_meta_title_alignment":"","neve_meta_author_avatar":"","neve_post_elements_order":"","neve_meta_disable_header":"","neve_meta_disable_footer":"","neve_meta_disable_title":"","_themeisle_gutenberg_block_has_review":false},"product_brand":[],"product_cat":[27],"product_tag":[],"class_list":{"0":"post-2374","1":"product","2":"type-product","3":"status-publish","4":"has-post-thumbnail","6":"product_cat-statues","7":"pa_dimensions-h-75cm","8":"pa_epoque-debut-du-xxeme-siecle","9":"pa_ethnie-bamana","10":"pa_ethnie-bambara","11":"pa_materiaux-bois","12":"pa_pays-mali","14":"first","15":"instock","16":"sale","17":"featured","18":"sold-individually","19":"taxable","20":"shipping-taxable","21":"purchasable","22":"product-type-simple","23":"add-to-wishlist-before_image"},"_links":{"self":[{"href":"https:\/\/evebegalli.com\/en\/wp-json\/wp\/v2\/product\/2374","targetHints":{"allow":["GET"]}}],"collection":[{"href":"https:\/\/evebegalli.com\/en\/wp-json\/wp\/v2\/product"}],"about":[{"href":"https:\/\/evebegalli.com\/en\/wp-json\/wp\/v2\/types\/product"}],"version-history":[{"count":1,"href":"https:\/\/evebegalli.com\/en\/wp-json\/wp\/v2\/product\/2374\/revisions"}],"predecessor-version":[{"id":15896,"href":"https:\/\/evebegalli.com\/en\/wp-json\/wp\/v2\/product\/2374\/revisions\/15896"}],"wp:featuredmedia":[{"embeddable":true,"href":"https:\/\/evebegalli.com\/en\/wp-json\/wp\/v2\/media\/2385"}],"wp:attachment":[{"href":"https:\/\/evebegalli.com\/en\/wp-json\/wp\/v2\/media?parent=2374"}],"wp:term":[{"taxonomy":"product_brand","embeddable":true,"href":"https:\/\/evebegalli.com\/en\/wp-json\/wp\/v2\/product_brand?post=2374"},{"taxonomy":"product_cat","embeddable":true,"href":"https:\/\/evebegalli.com\/en\/wp-json\/wp\/v2\/product_cat?post=2374"},{"taxonomy":"product_tag","embeddable":true,"href":"https:\/\/evebegalli.com\/en\/wp-json\/wp\/v2\/product_tag?post=2374"}],"curies":[{"name":"wp","href":"https:\/\/api.w.org\/{rel}","templated":true}]}}