{"id":1799,"date":"2019-11-10T20:53:33","date_gmt":"2019-11-10T20:53:33","guid":{"rendered":"https:\/\/evebegalli.com\/?post_type=product&#038;p=1799"},"modified":"2021-02-02T10:58:16","modified_gmt":"2021-02-02T10:58:16","slug":"statue-nkisi-nkonde-kongo-vili-republique-democratique-du-congo","status":"publish","type":"product","link":"https:\/\/evebegalli.com\/en\/product\/statue-nkisi-nkonde-kongo-vili-republique-democratique-du-congo\/","title":{"rendered":"Statue Nkisi Nkonde, Kongo-Vili, R\u00e9publique D\u00e9mocratique du Congo"},"content":{"rendered":"<div class=\"epyt-video-wrapper\"><iframe  id=\"_ytid_10679\"  width=\"1200\" height=\"675\"  data-origwidth=\"1200\" data-origheight=\"675\" src=\"https:\/\/www.youtube.com\/embed\/vceWJwEg8cA?enablejsapi=1&autoplay=0&cc_load_policy=0&cc_lang_pref=&iv_load_policy=1&loop=0&rel=0&fs=1&playsinline=0&autohide=2&theme=dark&color=red&controls=1&disablekb=0&\" class=\"__youtube_prefs__  no-lazyload\" title=\"YouTube player\"  allow=\"fullscreen; accelerometer; autoplay; clipboard-write; encrypted-media; gyroscope; picture-in-picture; web-share\" referrerpolicy=\"strict-origin-when-cross-origin\" allowfullscreen data-no-lazy=\"1\" data-skipgform_ajax_framebjll=\"\"><\/iframe><\/div>","protected":false},"excerpt":{"rendered":"<p>Les dimensions de ce <a href=\"https:\/\/evebegalli.com\/en\/2020\/01\/18\/nkisi-nkonde-kongo-vili-republique-democratique-du-congo\/\"><em>Nkisi Nkonde<\/em><\/a> indiquent son appartenance \u00e0 la communaut\u00e9. Sa pose debout, les mains sur les hanches, les yeux lev\u00e9s vers le ciel, t\u00e9moigne selon Farris Thompson (<em>in<\/em>\u00a0<em>Le<\/em>\u00a0<em>geste kongo<\/em>, 2002, p. 68) \u00ab d&rsquo;un processus de jugement ou de gu\u00e9rison. La sculpture met les mains sur les hanches pour symboliser son empressement \u00e0 intervenir au niveau de la soci\u00e9t\u00e9, \u00e0 devenir agressive s\u2019il le faut pour trouver la bonne solution. Le regard tourn\u00e9 vers le haut invoque le pouvoir de l\u2019autre monde, demande son intercession \u00bb.\u00a0 Ainsi se r\u00e9sume l\u2019ambivalence du <em>nkisi nkonde<\/em>\u00a0: \u00e0 la fois bienfaisant pour la soci\u00e9t\u00e9 Kongo sur laquelle il veille, et dangereux pour ceux qui menacent son \u00e9quilibre.<br \/>\nLa force du visage met en valeur la finesse des traits, traduisant\u00a0 l&rsquo;id\u00e9al de beaut\u00e9 Kongo : bouche charnue tr\u00e8s finement model\u00e9e, nez l\u00e9g\u00e8rement aquilin, sourcils hachur\u00e9s, oreilles au pavillon d\u00e9taill\u00e9. Les yeux grands ouverts sertis de verre sont cens\u00e9s augmenter la clairvoyance. Traces de polychromie sur les dessins sculpt\u00e9s en relief de la coiffe.<br \/>\nCette sculpture \u00e0 \u00e9t\u00e9 r\u00e9alis\u00e9 dans le respect de proportions qui r\u00e9duit la longueur des jambes l\u00e9g\u00e8rement fl\u00e9chies, effet qui \u00e9tait autrefois accentu\u00e9 par la pr\u00e9sence d&rsquo;une jupe en raphia clou\u00e9e \u00e0 une cordelette tress\u00e9e, dont on aper\u00e7oit les restes, autour de la taille. Il est fermement camp\u00e9 sur ses pieds chacun rehauss\u00e9 par un socle monoxyle. Traces d\u2019\u00e9rosion et manque \u00e0 l&rsquo;oreille gauche.<br \/>\nL\u2019efficacit\u00e9 rituelle de ce\u00a0<em>nkisi nkonde<\/em> tient \u00e0 la pr\u00e9sence de la charge ventrale ferm\u00e9e d&rsquo;un coquillage, d&rsquo;une lame de m\u00e9tal fich\u00e9e dans le thorax et une dans le dos, une multitude de clous en fer plant\u00e9s dans le thorax. A la puissance visuelle et symbolique de ces \u00e9l\u00e9ments se rajoute une belle patine sacrificielle qui recouvre le corps et le visage \u00e0 exception des jambes qui \u00e9taient autrefois\u00a0 dissimul\u00e9es par une jupe en raphia. Le traitement sp\u00e9cifique des pieds finement d\u00e9taill\u00e9s et reposant chacun sur un socle distinct \u00e9voque les c\u00e9l\u00e8bres statues Vili collect\u00e9es par R. Visser \u00e0 l\u2019or\u00e9e du XX<sup>e<\/sup>\u00a0si\u00e8cle sur la c\u00f4te du Loango et dans la r\u00e9gion du Chiloango (<em>cf.\u00a0<\/em>Lehuard,\u00a0<em>Art Bakongo. Les centres de style<\/em>, 1989, vol. 1, p. 300-301).<\/p>\n<p><strong>Origin<\/strong><br \/>\nEx collection particuli\u00e8re, Lyon<br \/>\nCollection Eve Begalli, Grenoble, acquise en 2016<\/p>","protected":false},"featured_media":1823,"template":"","meta":{"_exactmetrics_skip_tracking":false,"_exactmetrics_sitenote_active":false,"_exactmetrics_sitenote_note":"","_exactmetrics_sitenote_category":0,"neve_meta_sidebar":"","neve_meta_container":"","neve_meta_enable_content_width":"on","neve_meta_content_width":100,"neve_meta_title_alignment":"","neve_meta_author_avatar":"","neve_post_elements_order":"","neve_meta_disable_header":"","neve_meta_disable_footer":"","neve_meta_disable_title":"","_themeisle_gutenberg_block_has_review":false},"product_brand":[],"product_cat":[27],"product_tag":[],"class_list":{"0":"post-1799","1":"product","2":"type-product","3":"status-publish","4":"has-post-thumbnail","6":"product_cat-statues","7":"pa_dimensions-h-80cm","8":"pa_epoque-debut-du-xxeme-siecle","9":"pa_ethnie-kongo-vili","10":"pa_materiaux-bois-lames-et-clous-de-fer-coquillage-verre-fibres","11":"pa_pays-r-d-du-congo","13":"first","14":"outofstock","15":"sold-individually","16":"taxable","17":"shipping-taxable","18":"product-type-simple","19":"add-to-wishlist-before_image"},"_links":{"self":[{"href":"https:\/\/evebegalli.com\/en\/wp-json\/wp\/v2\/product\/1799","targetHints":{"allow":["GET"]}}],"collection":[{"href":"https:\/\/evebegalli.com\/en\/wp-json\/wp\/v2\/product"}],"about":[{"href":"https:\/\/evebegalli.com\/en\/wp-json\/wp\/v2\/types\/product"}],"version-history":[{"count":0,"href":"https:\/\/evebegalli.com\/en\/wp-json\/wp\/v2\/product\/1799\/revisions"}],"wp:featuredmedia":[{"embeddable":true,"href":"https:\/\/evebegalli.com\/en\/wp-json\/wp\/v2\/media\/1823"}],"wp:attachment":[{"href":"https:\/\/evebegalli.com\/en\/wp-json\/wp\/v2\/media?parent=1799"}],"wp:term":[{"taxonomy":"product_brand","embeddable":true,"href":"https:\/\/evebegalli.com\/en\/wp-json\/wp\/v2\/product_brand?post=1799"},{"taxonomy":"product_cat","embeddable":true,"href":"https:\/\/evebegalli.com\/en\/wp-json\/wp\/v2\/product_cat?post=1799"},{"taxonomy":"product_tag","embeddable":true,"href":"https:\/\/evebegalli.com\/en\/wp-json\/wp\/v2\/product_tag?post=1799"}],"curies":[{"name":"wp","href":"https:\/\/api.w.org\/{rel}","templated":true}]}}