{"id":17550,"date":"2024-04-14T20:07:30","date_gmt":"2024-04-14T20:07:30","guid":{"rendered":"https:\/\/evebegalli.com\/?post_type=product&#038;p=17550"},"modified":"2024-04-15T09:45:17","modified_gmt":"2024-04-15T09:45:17","slug":"lobi-sculpteur-des-visages-sereins-burkina-faso","status":"publish","type":"product","link":"https:\/\/evebegalli.com\/en\/product\/lobi-sculpteur-des-visages-sereins-burkina-faso\/","title":{"rendered":"Lobi Sculpteur des Visages Sereins, Burkina Faso"},"content":{"rendered":"","protected":false},"excerpt":{"rendered":"<p>Belle repr\u00e9sentation masculine \u00e0 la sculpture expressive. On notera l\u2019aspect int\u00e9rioris\u00e9 et l\u2019impression de s\u00e9r\u00e9nit\u00e9 du visage aux yeux en amande tr\u00e8s \u00e9tir\u00e9s vers le haut, la t\u00eate l\u00e9g\u00e8rement pench\u00e9e sur le cot\u00e9 donnant une impression de mouvement, l\u2019\u00e9l\u00e9gance du corps soulign\u00e9e par les bras l\u00e9g\u00e8rement arqu\u00e9s vers l\u2019avant, le doux renflement du ventre contrebalanc\u00e9 par la saillie des fesses, et le fl\u00e9chissement des jambes simplement esquiss\u00e9. Traces d&rsquo;\u00e9rosion sur les pieds attestant de l&rsquo;utilisation rituelle de l&rsquo;objet, plant\u00e9 dans le sol. Belle patine terreuse.<br \/>\nLes d\u00e9tails de cette sculpture permettent de l\u2019assigner au \u00ab sculpteur des visages sereins \u00bb, r\u00e9pertori\u00e9 dans l\u2019ouvrage<em>\u00a0Anonyme<\/em>\u00a0<em>Schnitzer der Lobi<\/em>\u00a0de Katsouros F. \/ Herkenhoff S<em>. (<\/em>pag 47-73).<\/p>\n<p><strong>Origin<\/strong><br \/>\nEx private collection from the south of France.<\/p>","protected":false},"featured_media":17573,"template":"","meta":{"_exactmetrics_skip_tracking":false,"_exactmetrics_sitenote_active":false,"_exactmetrics_sitenote_note":"","_exactmetrics_sitenote_category":0,"neve_meta_sidebar":"","neve_meta_container":"","neve_meta_enable_content_width":"on","neve_meta_content_width":100,"neve_meta_title_alignment":"","neve_meta_author_avatar":"","neve_post_elements_order":"","neve_meta_disable_header":"","neve_meta_disable_footer":"","neve_meta_disable_title":"","_themeisle_gutenberg_block_has_review":false},"product_brand":[],"product_cat":[27],"product_tag":[],"class_list":{"0":"post-17550","1":"product","2":"type-product","3":"status-publish","4":"has-post-thumbnail","6":"product_cat-statues","7":"pa_dimensions-h-57-cm","8":"pa_epoque-circa-1950","9":"pa_ethnie-lobi","10":"pa_materiaux-bois","11":"pa_pays-burkina-faso","13":"first","14":"instock","15":"sold-individually","16":"taxable","17":"shipping-taxable","18":"purchasable","19":"product-type-simple","20":"add-to-wishlist-before_image"},"_links":{"self":[{"href":"https:\/\/evebegalli.com\/en\/wp-json\/wp\/v2\/product\/17550","targetHints":{"allow":["GET"]}}],"collection":[{"href":"https:\/\/evebegalli.com\/en\/wp-json\/wp\/v2\/product"}],"about":[{"href":"https:\/\/evebegalli.com\/en\/wp-json\/wp\/v2\/types\/product"}],"version-history":[{"count":7,"href":"https:\/\/evebegalli.com\/en\/wp-json\/wp\/v2\/product\/17550\/revisions"}],"predecessor-version":[{"id":17577,"href":"https:\/\/evebegalli.com\/en\/wp-json\/wp\/v2\/product\/17550\/revisions\/17577"}],"wp:featuredmedia":[{"embeddable":true,"href":"https:\/\/evebegalli.com\/en\/wp-json\/wp\/v2\/media\/17573"}],"wp:attachment":[{"href":"https:\/\/evebegalli.com\/en\/wp-json\/wp\/v2\/media?parent=17550"}],"wp:term":[{"taxonomy":"product_brand","embeddable":true,"href":"https:\/\/evebegalli.com\/en\/wp-json\/wp\/v2\/product_brand?post=17550"},{"taxonomy":"product_cat","embeddable":true,"href":"https:\/\/evebegalli.com\/en\/wp-json\/wp\/v2\/product_cat?post=17550"},{"taxonomy":"product_tag","embeddable":true,"href":"https:\/\/evebegalli.com\/en\/wp-json\/wp\/v2\/product_tag?post=17550"}],"curies":[{"name":"wp","href":"https:\/\/api.w.org\/{rel}","templated":true}]}}