{"id":17399,"date":"2024-03-30T16:29:27","date_gmt":"2024-03-30T16:29:27","guid":{"rendered":"https:\/\/evebegalli.com\/?post_type=product&#038;p=17399"},"modified":"2024-03-30T23:06:36","modified_gmt":"2024-03-30T23:06:36","slug":"masque-dan-liberia","status":"publish","type":"product","link":"https:\/\/evebegalli.com\/en\/product\/masque-dan-liberia\/","title":{"rendered":"Masque Dan, Liberia"},"content":{"rendered":"","protected":false},"excerpt":{"rendered":"<p>Tr\u00e8s ancien masque figurant un beau visage ovale, le front bomb\u00e9 soulign\u00e9 d&rsquo;une are\u0302te frontale qui se fond dans celle du nez retrouss\u00e9 aux narines arque\u0301es, une bouche en forme de bec, un menton assez pro\u00e9minant. Les traits sont nets et les volumes arrondis. Il se distingue par sa taille exceptionnelle et par la force du regard perc\u0327ant a\u0300 travers les yeux \u00e9tir\u00e9s soulign\u00e9s d&rsquo;une arcade sourcili\u00e8re en creux.<br \/>\nBelle patine profonde nuanc\u00e9e noir-brun. Tr\u00e8s belle taille ancienne, traces de portage \u00e0 l&rsquo;arri\u00e8re. Trous de fixation de la coiffe sur le pourtour du masque.<\/p>\n<p><strong>Origin<\/strong><br \/>\nEx private collection from the south of France.<\/p>","protected":false},"featured_media":17423,"template":"","meta":{"_exactmetrics_skip_tracking":false,"_exactmetrics_sitenote_active":false,"_exactmetrics_sitenote_note":"","_exactmetrics_sitenote_category":0,"neve_meta_sidebar":"","neve_meta_container":"","neve_meta_enable_content_width":"on","neve_meta_content_width":100,"neve_meta_title_alignment":"","neve_meta_author_avatar":"","neve_post_elements_order":"","neve_meta_disable_header":"","neve_meta_disable_footer":"","neve_meta_disable_title":"","_themeisle_gutenberg_block_has_review":false},"product_brand":[],"product_cat":[26],"product_tag":[],"class_list":{"0":"post-17399","1":"product","2":"type-product","3":"status-publish","4":"has-post-thumbnail","6":"product_cat-masques","7":"pa_dimensions-h-22-cm-2","8":"pa_epoque-debut-du-xxeme-siecle","9":"pa_ethnie-dan","10":"pa_materiaux-bois","11":"pa_pays-liberia","13":"first","14":"instock","15":"sold-individually","16":"taxable","17":"shipping-taxable","18":"purchasable","19":"product-type-simple","20":"add-to-wishlist-before_image"},"_links":{"self":[{"href":"https:\/\/evebegalli.com\/en\/wp-json\/wp\/v2\/product\/17399","targetHints":{"allow":["GET"]}}],"collection":[{"href":"https:\/\/evebegalli.com\/en\/wp-json\/wp\/v2\/product"}],"about":[{"href":"https:\/\/evebegalli.com\/en\/wp-json\/wp\/v2\/types\/product"}],"version-history":[{"count":4,"href":"https:\/\/evebegalli.com\/en\/wp-json\/wp\/v2\/product\/17399\/revisions"}],"predecessor-version":[{"id":17426,"href":"https:\/\/evebegalli.com\/en\/wp-json\/wp\/v2\/product\/17399\/revisions\/17426"}],"wp:featuredmedia":[{"embeddable":true,"href":"https:\/\/evebegalli.com\/en\/wp-json\/wp\/v2\/media\/17423"}],"wp:attachment":[{"href":"https:\/\/evebegalli.com\/en\/wp-json\/wp\/v2\/media?parent=17399"}],"wp:term":[{"taxonomy":"product_brand","embeddable":true,"href":"https:\/\/evebegalli.com\/en\/wp-json\/wp\/v2\/product_brand?post=17399"},{"taxonomy":"product_cat","embeddable":true,"href":"https:\/\/evebegalli.com\/en\/wp-json\/wp\/v2\/product_cat?post=17399"},{"taxonomy":"product_tag","embeddable":true,"href":"https:\/\/evebegalli.com\/en\/wp-json\/wp\/v2\/product_tag?post=17399"}],"curies":[{"name":"wp","href":"https:\/\/api.w.org\/{rel}","templated":true}]}}