{"id":17382,"date":"2024-03-20T18:09:17","date_gmt":"2024-03-20T18:09:17","guid":{"rendered":"https:\/\/evebegalli.com\/?post_type=product&#038;p=17382"},"modified":"2024-03-20T22:09:56","modified_gmt":"2024-03-20T22:09:56","slug":"masque-passeport-dan-cote-divoire","status":"publish","type":"product","link":"https:\/\/evebegalli.com\/en\/product\/masque-passeport-dan-cote-divoire\/","title":{"rendered":"Masque passeport Dan, C\u00f4te d&rsquo;Ivoire"},"content":{"rendered":"","protected":false},"excerpt":{"rendered":"<p class=\"descriptionLineWrap\">Masque diminutif Dan de forme ovale concave-convexe, la pliure du visage correspondant \u00e0 l&#8217;emplacement du regard signifi\u00e9 par de courtes lignes horizontales de part et d&rsquo;autre d&rsquo;un nez droit. Une petite bouche au l\u00e8vres charnue surplombe un menton arrondi. Belle et ancienne patine d&rsquo;usage.<br \/>\nCes masques miniatures seraient la r\u00e9plique du masque de lignage dont ils rec\u00e8leraient une partie de la force apr\u00e8s avoir pass\u00e9 une nuit aupr\u00e8s de lui. Ils sont aussi utilis\u00e9s par les voyageurs qui, loin de leur village, les conservent sur eux pour se rassurer et se prot\u00e9ger par la force du lignage qu&rsquo;ils renferment. (<i>cf.<\/i>\u00a0Verger-Faivre, 1989)<\/p>\n<p class=\"descriptionLineWrap\"><strong>Origin<\/strong><br \/>\nEx private collection from the south of France.<\/p>","protected":false},"featured_media":17396,"template":"","meta":{"_exactmetrics_skip_tracking":false,"_exactmetrics_sitenote_active":false,"_exactmetrics_sitenote_note":"","_exactmetrics_sitenote_category":0,"neve_meta_sidebar":"","neve_meta_container":"","neve_meta_enable_content_width":"on","neve_meta_content_width":100,"neve_meta_title_alignment":"","neve_meta_author_avatar":"","neve_post_elements_order":"","neve_meta_disable_header":"","neve_meta_disable_footer":"","neve_meta_disable_title":"","_themeisle_gutenberg_block_has_review":false},"product_brand":[],"product_cat":[26],"product_tag":[],"class_list":{"0":"post-17382","1":"product","2":"type-product","3":"status-publish","4":"has-post-thumbnail","6":"product_cat-masques","7":"pa_dimensions-h-10-cm","8":"pa_epoque-premiere-moitie-du-xxeme-siecle","9":"pa_ethnie-dan","10":"pa_materiaux-bois","11":"pa_pays-cote-divoire","13":"first","14":"instock","15":"sold-individually","16":"taxable","17":"shipping-taxable","18":"purchasable","19":"product-type-simple","20":"add-to-wishlist-before_image"},"_links":{"self":[{"href":"https:\/\/evebegalli.com\/en\/wp-json\/wp\/v2\/product\/17382","targetHints":{"allow":["GET"]}}],"collection":[{"href":"https:\/\/evebegalli.com\/en\/wp-json\/wp\/v2\/product"}],"about":[{"href":"https:\/\/evebegalli.com\/en\/wp-json\/wp\/v2\/types\/product"}],"version-history":[{"count":2,"href":"https:\/\/evebegalli.com\/en\/wp-json\/wp\/v2\/product\/17382\/revisions"}],"predecessor-version":[{"id":17398,"href":"https:\/\/evebegalli.com\/en\/wp-json\/wp\/v2\/product\/17382\/revisions\/17398"}],"wp:featuredmedia":[{"embeddable":true,"href":"https:\/\/evebegalli.com\/en\/wp-json\/wp\/v2\/media\/17396"}],"wp:attachment":[{"href":"https:\/\/evebegalli.com\/en\/wp-json\/wp\/v2\/media?parent=17382"}],"wp:term":[{"taxonomy":"product_brand","embeddable":true,"href":"https:\/\/evebegalli.com\/en\/wp-json\/wp\/v2\/product_brand?post=17382"},{"taxonomy":"product_cat","embeddable":true,"href":"https:\/\/evebegalli.com\/en\/wp-json\/wp\/v2\/product_cat?post=17382"},{"taxonomy":"product_tag","embeddable":true,"href":"https:\/\/evebegalli.com\/en\/wp-json\/wp\/v2\/product_tag?post=17382"}],"curies":[{"name":"wp","href":"https:\/\/api.w.org\/{rel}","templated":true}]}}