{"id":17273,"date":"2024-03-03T14:48:16","date_gmt":"2024-03-03T14:48:16","guid":{"rendered":"https:\/\/evebegalli.com\/?post_type=product&#038;p=17273"},"modified":"2024-03-03T20:25:03","modified_gmt":"2024-03-03T20:25:03","slug":"masque-dan-cote-divoire-6","status":"publish","type":"product","link":"https:\/\/evebegalli.com\/en\/product\/masque-dan-cote-divoire-6\/","title":{"rendered":"Dan Mask, Ivory Coast"},"content":{"rendered":"","protected":false},"excerpt":{"rendered":"<p>Beau masque figurant un beau visage ovale, qui se singularise par ses yeux retaill\u00e9s pour son dernier propri\u00e9taire, signe de l\u2019importance qu\u2019il rev\u00eatait. Le front large est orn\u00e9 de scarifications frontales. La bouche saillante en forme de triangle est ouverte. Elle est surmont\u00e9e d&rsquo;un nez droit. Belle patine profonde nuanc\u00e9e brune. Tr\u00e8s belle taille ancienne. Trous de fixation de la coiffe sur le pourtour du masque.<br \/>\nPour ce qui concerne l&rsquo;usage de ce masque, une hypoth\u00e8se est celle d&rsquo;un masque <em>guny\u00e9 g\u00e9<\/em> dit \u00abde course\u00bb, reconnaissable \u00e0 ses grandes orbites. Apr\u00e8s avoir tenu le r\u00f4le d\u2019un masque f\u00e9minin de divertissement ou d\u2019initiation, il a peut-\u00eatre \u00e9t\u00e9 transform\u00e9 en masque de course.<br \/>\nEn saison s\u00e8che, le masque <em>guny\u00e9 g\u00e9<\/em> participe \u00e0 un concours de courses hebdomadaire qui oppose un coureur masqu\u00e9 \u00e0 un autre qui est non masqu\u00e9. Le vainqueur gagne le droit de porter le masque. En fin de saison, un champion est proclam\u00e9.<br \/>\nCertains masques sont confi\u00e9s aux dignitaires du lignage et transmis de g\u00e9n\u00e9ration en g\u00e9n\u00e9ration. Si le nom de l\u2019esprit subsiste, le masque peut toutefois endosser une autre fonction lors de ses sorties. <em>(Fischer et Himmelheber, 1984).<\/em><br \/>\nL\u2019expression du masque d\u00e9termine le genre dont il rel\u00e8ve. Les yeux \u00e9troits, les traits harmonieux et les proportions semblables \u00e0 celles du visage humain caract\u00e9risent les masques f\u00e9minins dont la pr\u00e9sence est ressentie comme \u00ab avenante \u00bb et \u00ab douce \u00bb. Lorsque le masque doit exprimer la violence et la col\u00e8re, le sculpteur recourt \u00e0 des yeux ronds, des volumes g\u00e9om\u00e9triques, parfois \u00e0 des d\u00e9formations de la repr\u00e9sentation humaine et\/ou animale ainsi qu\u2019\u00e0 des expressions agressives ; le masque appartient alors au genre masculin. <em>(Fischer et Himmelheber, 1984).\u00a0<\/em><\/p>\n<p><strong>Origin<\/strong><br \/>\nEx private collection from the south of France.<\/p>","protected":false},"featured_media":17284,"template":"","meta":{"_exactmetrics_skip_tracking":false,"_exactmetrics_sitenote_active":false,"_exactmetrics_sitenote_note":"","_exactmetrics_sitenote_category":0,"neve_meta_sidebar":"","neve_meta_container":"","neve_meta_enable_content_width":"on","neve_meta_content_width":100,"neve_meta_title_alignment":"","neve_meta_author_avatar":"","neve_post_elements_order":"","neve_meta_disable_header":"","neve_meta_disable_footer":"","neve_meta_disable_title":"","_themeisle_gutenberg_block_has_review":false},"product_brand":[],"product_cat":[26],"product_tag":[],"class_list":{"0":"post-17273","1":"product","2":"type-product","3":"status-publish","4":"has-post-thumbnail","6":"product_cat-masques","7":"pa_dimensions-h-23cm","8":"pa_epoque-premiere-moitie-du-xxeme-siecle","9":"pa_ethnie-dan","10":"pa_materiaux-bois","11":"pa_pays-cote-divoire","13":"first","14":"instock","15":"sold-individually","16":"taxable","17":"shipping-taxable","18":"purchasable","19":"product-type-simple","20":"add-to-wishlist-before_image"},"_links":{"self":[{"href":"https:\/\/evebegalli.com\/en\/wp-json\/wp\/v2\/product\/17273","targetHints":{"allow":["GET"]}}],"collection":[{"href":"https:\/\/evebegalli.com\/en\/wp-json\/wp\/v2\/product"}],"about":[{"href":"https:\/\/evebegalli.com\/en\/wp-json\/wp\/v2\/types\/product"}],"version-history":[{"count":4,"href":"https:\/\/evebegalli.com\/en\/wp-json\/wp\/v2\/product\/17273\/revisions"}],"predecessor-version":[{"id":17288,"href":"https:\/\/evebegalli.com\/en\/wp-json\/wp\/v2\/product\/17273\/revisions\/17288"}],"wp:featuredmedia":[{"embeddable":true,"href":"https:\/\/evebegalli.com\/en\/wp-json\/wp\/v2\/media\/17284"}],"wp:attachment":[{"href":"https:\/\/evebegalli.com\/en\/wp-json\/wp\/v2\/media?parent=17273"}],"wp:term":[{"taxonomy":"product_brand","embeddable":true,"href":"https:\/\/evebegalli.com\/en\/wp-json\/wp\/v2\/product_brand?post=17273"},{"taxonomy":"product_cat","embeddable":true,"href":"https:\/\/evebegalli.com\/en\/wp-json\/wp\/v2\/product_cat?post=17273"},{"taxonomy":"product_tag","embeddable":true,"href":"https:\/\/evebegalli.com\/en\/wp-json\/wp\/v2\/product_tag?post=17273"}],"curies":[{"name":"wp","href":"https:\/\/api.w.org\/{rel}","templated":true}]}}