{"id":17053,"date":"2024-02-10T23:29:49","date_gmt":"2024-02-10T23:29:49","guid":{"rendered":"https:\/\/evebegalli.com\/?post_type=product&#038;p=17053"},"modified":"2024-02-17T23:13:10","modified_gmt":"2024-02-17T23:13:10","slug":"grand-teke-fetiche-republique-democratique-du-congo","status":"publish","type":"product","link":"https:\/\/evebegalli.com\/en\/product\/grand-teke-fetiche-republique-democratique-du-congo\/","title":{"rendered":"Grand Teke f\u00e9tiche, R\u00e9publique D\u00e9mocratique du Congo"},"content":{"rendered":"","protected":false},"excerpt":{"rendered":"<p class=\"descriptionLineWrap\">Remarquable statue <em>Buti<\/em> pr\u00e9sentant un personnage masculin qui se distingue par la puissance de sa t\u00eate sublimement sculpt\u00e9e, soulign\u00e9e par la grande finesse des traits rehauss\u00e9e par les scarifications qui parcourent la face. Toute la puissance esth\u00e9tique de cette statue r\u00e9side aussi dans la dynamique des volumes : les jambes l\u00e9g\u00e8rement fl\u00e9chies, le torse en forme de tonneau, le front bomb\u00e9 et le soin extr\u00eame apport\u00e9 \u00e0 la coiffure, en cr\u00eates superpos\u00e9es, d&rsquo;un type qui \u00e9tait port\u00e9 par les chefs Teke et autres personnes de haut rang, indiquent l&rsquo;importance de l&rsquo;anc\u00eatre que la figure repr\u00e9sente. Le d\u00e9tail singulier des clous de tapisserie qui ornent la barbe en rajoute \u00e0 la particularit\u00e9 de cette sculpture.<br \/>\nTr\u00e8s ancienne patine brune\/rouge\u00e2tre fonc\u00e9e, avec des restes de charge magique encore pr\u00e9sents autour du torse et dans la cavit\u00e9 abdominale.<\/p>\n<p><em>Edouard Ponel, officier fran\u00e7ais membre de la Mission fran\u00e7aise de l&rsquo;Ouest Africain (1883-1885), \u00e9tait pr\u00e9sent dans la r\u00e9gion o\u00f9 de telles \u0153uvres \u00e9taient produites au milieu des ann\u00e9es 1880. Il rapporte que l&rsquo;utilisation de telles sculptures \u00e9tait courante lorsque les chefs Teke d\u00e9battaient de questions importantes, et que leur invocation \u00e9tait souvent li\u00e9e \u00e0 des rituels de consommation au cours desquels de la kola et du vin de palme \u00e9taient crach\u00e9s sur la figure, afin d&rsquo;inciter la force ancestrale qu&rsquo;elle contenait \u00e0 participer au processus de d\u00e9cision (Dupr\u00e9, 1996 : 136).<\/em><\/p>\n<p><strong>Origin<\/strong><br \/>\nEx private collection from the south of France.<\/p>","protected":false},"featured_media":17075,"template":"","meta":{"_exactmetrics_skip_tracking":false,"_exactmetrics_sitenote_active":false,"_exactmetrics_sitenote_note":"","_exactmetrics_sitenote_category":0,"neve_meta_sidebar":"","neve_meta_container":"","neve_meta_enable_content_width":"on","neve_meta_content_width":100,"neve_meta_title_alignment":"","neve_meta_author_avatar":"","neve_post_elements_order":"","neve_meta_disable_header":"","neve_meta_disable_footer":"","neve_meta_disable_title":"","_themeisle_gutenberg_block_has_review":false},"product_brand":[],"product_cat":[27],"product_tag":[],"class_list":{"0":"post-17053","1":"product","2":"type-product","3":"status-publish","4":"has-post-thumbnail","6":"product_cat-statues","7":"pa_dimensions-h-43-cm","8":"pa_epoque-debut-du-xxeme-siecle","9":"pa_ethnie-teke","10":"pa_materiaux-bois","11":"pa_materiaux-clous","12":"pa_materiaux-patine-sacrificielle","13":"pa_pays-r-d-du-congo","15":"first","16":"outofstock","17":"sold-individually","18":"taxable","19":"shipping-taxable","20":"product-type-simple","21":"add-to-wishlist-before_image"},"_links":{"self":[{"href":"https:\/\/evebegalli.com\/en\/wp-json\/wp\/v2\/product\/17053","targetHints":{"allow":["GET"]}}],"collection":[{"href":"https:\/\/evebegalli.com\/en\/wp-json\/wp\/v2\/product"}],"about":[{"href":"https:\/\/evebegalli.com\/en\/wp-json\/wp\/v2\/types\/product"}],"version-history":[{"count":12,"href":"https:\/\/evebegalli.com\/en\/wp-json\/wp\/v2\/product\/17053\/revisions"}],"predecessor-version":[{"id":17087,"href":"https:\/\/evebegalli.com\/en\/wp-json\/wp\/v2\/product\/17053\/revisions\/17087"}],"wp:featuredmedia":[{"embeddable":true,"href":"https:\/\/evebegalli.com\/en\/wp-json\/wp\/v2\/media\/17075"}],"wp:attachment":[{"href":"https:\/\/evebegalli.com\/en\/wp-json\/wp\/v2\/media?parent=17053"}],"wp:term":[{"taxonomy":"product_brand","embeddable":true,"href":"https:\/\/evebegalli.com\/en\/wp-json\/wp\/v2\/product_brand?post=17053"},{"taxonomy":"product_cat","embeddable":true,"href":"https:\/\/evebegalli.com\/en\/wp-json\/wp\/v2\/product_cat?post=17053"},{"taxonomy":"product_tag","embeddable":true,"href":"https:\/\/evebegalli.com\/en\/wp-json\/wp\/v2\/product_tag?post=17053"}],"curies":[{"name":"wp","href":"https:\/\/api.w.org\/{rel}","templated":true}]}}