{"id":16757,"date":"2024-01-15T22:04:37","date_gmt":"2024-01-15T22:04:37","guid":{"rendered":"https:\/\/evebegalli.com\/?post_type=product&#038;p=16757"},"modified":"2024-01-17T17:23:20","modified_gmt":"2024-01-17T17:23:20","slug":"lobi-bateba-ti-bala-ou-janus-burkina-faso","status":"publish","type":"product","link":"https:\/\/evebegalli.com\/en\/product\/lobi-bateba-ti-bala-ou-janus-burkina-faso\/","title":{"rendered":"Lobi Bateba Ti Bala ou Janus, Burkina Faso"},"content":{"rendered":"","protected":false},"excerpt":{"rendered":"<p>Ancienne statue repr\u00e9sentant un personnage masculin \u00e0 deux t\u00eates tr\u00e8s finement sculpt\u00e9es. Il aurait la capacit\u00e9 \u00e0 voir dans plusieurs directions \u00e0 la fois le rendant exceptionnellement dangereux et puissant, prompt \u00e0 agir contre les forces malveillantes. Les volumes sont trait\u00e9s de mani\u00e8re g\u00e9om\u00e9trique: le visage et la t\u00eate en forme d&rsquo;ogive port\u00e9es par un long cou puissamment \u00e9tir\u00e9, les yeux en forme d\u2019amandes, le nez fin triangulaire en relief, les oreilles circulaires et enfin des l\u00e8vres trap\u00e9zo\u00efdales signifient sa bouche. A la rigueur des volumes anguleux et longilignes des membres r\u00e9pondent, par opposition, le galbe du fessier et l&rsquo;arrondi des seins et de l&rsquo;abdomen \u00e0 l&rsquo;ombilic saillant.<br \/>\nBelle patine rituelle cro\u00fbteuse. Quelques manques au niveau d&rsquo;un des visages.<\/p>\n<p><strong>Origin<\/strong><br \/>\nEx private collection from the south of France.<\/p>","protected":false},"featured_media":16781,"template":"","meta":{"_exactmetrics_skip_tracking":false,"_exactmetrics_sitenote_active":false,"_exactmetrics_sitenote_note":"","_exactmetrics_sitenote_category":0,"neve_meta_sidebar":"","neve_meta_container":"","neve_meta_enable_content_width":"on","neve_meta_content_width":100,"neve_meta_title_alignment":"","neve_meta_author_avatar":"","neve_post_elements_order":"","neve_meta_disable_header":"","neve_meta_disable_footer":"","neve_meta_disable_title":"","_themeisle_gutenberg_block_has_review":false},"product_brand":[],"product_cat":[27],"product_tag":[],"class_list":{"0":"post-16757","1":"product","2":"type-product","3":"status-publish","4":"has-post-thumbnail","6":"product_cat-statues","7":"pa_dimensions-h-30-cm","8":"pa_epoque-premiere-moitie-du-xxeme-siecle","9":"pa_ethnie-lobi","10":"pa_materiaux-bois-patine-sacrificielle","11":"pa_pays-burkina-faso","13":"first","14":"instock","15":"sold-individually","16":"taxable","17":"shipping-taxable","18":"purchasable","19":"product-type-simple","20":"add-to-wishlist-before_image"},"_links":{"self":[{"href":"https:\/\/evebegalli.com\/en\/wp-json\/wp\/v2\/product\/16757","targetHints":{"allow":["GET"]}}],"collection":[{"href":"https:\/\/evebegalli.com\/en\/wp-json\/wp\/v2\/product"}],"about":[{"href":"https:\/\/evebegalli.com\/en\/wp-json\/wp\/v2\/types\/product"}],"version-history":[{"count":6,"href":"https:\/\/evebegalli.com\/en\/wp-json\/wp\/v2\/product\/16757\/revisions"}],"predecessor-version":[{"id":16788,"href":"https:\/\/evebegalli.com\/en\/wp-json\/wp\/v2\/product\/16757\/revisions\/16788"}],"wp:featuredmedia":[{"embeddable":true,"href":"https:\/\/evebegalli.com\/en\/wp-json\/wp\/v2\/media\/16781"}],"wp:attachment":[{"href":"https:\/\/evebegalli.com\/en\/wp-json\/wp\/v2\/media?parent=16757"}],"wp:term":[{"taxonomy":"product_brand","embeddable":true,"href":"https:\/\/evebegalli.com\/en\/wp-json\/wp\/v2\/product_brand?post=16757"},{"taxonomy":"product_cat","embeddable":true,"href":"https:\/\/evebegalli.com\/en\/wp-json\/wp\/v2\/product_cat?post=16757"},{"taxonomy":"product_tag","embeddable":true,"href":"https:\/\/evebegalli.com\/en\/wp-json\/wp\/v2\/product_tag?post=16757"}],"curies":[{"name":"wp","href":"https:\/\/api.w.org\/{rel}","templated":true}]}}