{"id":15839,"date":"2023-02-16T18:03:16","date_gmt":"2023-02-16T18:03:16","guid":{"rendered":"https:\/\/evebegalli.com\/?post_type=product&#038;p=15839"},"modified":"2023-02-16T20:49:21","modified_gmt":"2023-02-16T20:49:21","slug":"statuette-dancetre-masculin-luba-hemba-republique-democratique-du-congo","status":"publish","type":"product","link":"https:\/\/evebegalli.com\/en\/product\/statuette-dancetre-masculin-luba-hemba-republique-democratique-du-congo\/","title":{"rendered":"Statuette d\u2019anc\u00eatre masculin Luba\/Hemba, R\u00e9publique D\u00e9mocratique du Congo"},"content":{"rendered":"<p><a name=\"v249\"><\/a><br \/>\n<div class=\"epyt-video-wrapper\"><iframe  id=\"_ytid_53180\"  width=\"1200\" height=\"675\"  data-origwidth=\"1200\" data-origheight=\"675\" src=\"https:\/\/www.youtube.com\/embed\/jm9dBYnt5Ik?enablejsapi=1&autoplay=0&cc_load_policy=0&cc_lang_pref=&iv_load_policy=1&loop=0&rel=0&fs=1&playsinline=0&autohide=2&theme=dark&color=red&controls=1&disablekb=0&\" class=\"__youtube_prefs__  no-lazyload\" title=\"YouTube player\"  allow=\"fullscreen; accelerometer; autoplay; clipboard-write; encrypted-media; gyroscope; picture-in-picture; web-share\" referrerpolicy=\"strict-origin-when-cross-origin\" allowfullscreen data-no-lazy=\"1\" data-skipgform_ajax_framebjll=\"\"><\/iframe><\/div><\/p>","protected":false},"excerpt":{"rendered":"<p>Ancienne statuette cultuelle qui repr\u00e9sente un anc\u00eatre masculin porteur de coupe, la t\u00eate de forme arrondie, aux lignes sobres, le front largement d\u00e9gag\u00e9 jusqu\u2019au sommet du cr\u00e2ne. Les yeux mi-clos dans des orbites circulaires d\u00e9limitant les sourcils, le nez aquilin l\u00e9g\u00e8rement aplati. Les l\u00e8vres sont d\u00e9licatement ourl\u00e9es. Le visage est harmonieusement encadr\u00e9 entre le collier de barbe compos\u00e9 de deux rang\u00e9es de losanges taill\u00e9s et le diad\u00e8me sur la t\u00eate retenant une coiffure quadrilob\u00e9e, dont le mouvement s\u2019\u00e9tire sur la nuque. Le cou est massif, le plan des \u00e9paules inclin\u00e9. Le torse est gonfl\u00e9 vers le ventre. Les bras sont fl\u00e9chis et s\u00e9pares du corps, les mains portant une coupe. Le dos est soulign\u00e9 par la colonne vert\u00e9brale creus\u00e9e et les omoplates, le fessier est plut\u00f4t rebondi. Les membres inf\u00e9rieurs massifs fl\u00e9chis s\u2019ach\u00e8vent par des pieds finement sculpt\u00e9s. Ces sculptures faisaient l\u2019objet d\u2019un culte au sein d\u2019une hutte fun\u00e9raire, et reliant le monde des vivants \u00e0 celui des morts, elles maintenaient le souvenir des anc\u00eatres et l\u2019\u00e9quilibre du lignage assurant ainsi une certaine forme de stabilit\u00e9 politique au sein du clan.<br \/>\nBois dur. La belle patine sombre et brillante t\u00e9moigne des onctions rituelles r\u00e9guli\u00e8res qui lui \u00e9taient prodigu\u00e9es.<\/p>\n<p><strong>Origin<\/strong><br \/>\nEx private collection from the south of France.<\/p>\n<p style=\"text-align: center;\"><a class=\"maxbutton-1 maxbutton maxbutton-regardez-la-video\" href=\"#v249\"><span class='mb-text'>GO TO THE VIDEO<\/span><\/a><\/p>","protected":false},"featured_media":15858,"template":"","meta":{"_exactmetrics_skip_tracking":false,"_exactmetrics_sitenote_active":false,"_exactmetrics_sitenote_note":"","_exactmetrics_sitenote_category":0,"neve_meta_sidebar":"","neve_meta_container":"","neve_meta_enable_content_width":"on","neve_meta_content_width":100,"neve_meta_title_alignment":"","neve_meta_author_avatar":"","neve_post_elements_order":"","neve_meta_disable_header":"","neve_meta_disable_footer":"","neve_meta_disable_title":"","_themeisle_gutenberg_block_has_review":false},"product_brand":[],"product_cat":[27],"product_tag":[],"class_list":{"0":"post-15839","1":"product","2":"type-product","3":"status-publish","4":"has-post-thumbnail","6":"product_cat-statues","7":"pa_dimensions-h-22-cm-2","8":"pa_epoque-premiere-moitie-du-xxeme-siecle","9":"pa_ethnie-hemba","10":"pa_ethnie-luba","11":"pa_materiaux-bois","12":"pa_pays-r-d-du-congo","14":"first","15":"instock","16":"sold-individually","17":"taxable","18":"shipping-taxable","19":"purchasable","20":"product-type-simple","21":"add-to-wishlist-before_image"},"_links":{"self":[{"href":"https:\/\/evebegalli.com\/en\/wp-json\/wp\/v2\/product\/15839","targetHints":{"allow":["GET"]}}],"collection":[{"href":"https:\/\/evebegalli.com\/en\/wp-json\/wp\/v2\/product"}],"about":[{"href":"https:\/\/evebegalli.com\/en\/wp-json\/wp\/v2\/types\/product"}],"version-history":[{"count":5,"href":"https:\/\/evebegalli.com\/en\/wp-json\/wp\/v2\/product\/15839\/revisions"}],"predecessor-version":[{"id":15863,"href":"https:\/\/evebegalli.com\/en\/wp-json\/wp\/v2\/product\/15839\/revisions\/15863"}],"wp:featuredmedia":[{"embeddable":true,"href":"https:\/\/evebegalli.com\/en\/wp-json\/wp\/v2\/media\/15858"}],"wp:attachment":[{"href":"https:\/\/evebegalli.com\/en\/wp-json\/wp\/v2\/media?parent=15839"}],"wp:term":[{"taxonomy":"product_brand","embeddable":true,"href":"https:\/\/evebegalli.com\/en\/wp-json\/wp\/v2\/product_brand?post=15839"},{"taxonomy":"product_cat","embeddable":true,"href":"https:\/\/evebegalli.com\/en\/wp-json\/wp\/v2\/product_cat?post=15839"},{"taxonomy":"product_tag","embeddable":true,"href":"https:\/\/evebegalli.com\/en\/wp-json\/wp\/v2\/product_tag?post=15839"}],"curies":[{"name":"wp","href":"https:\/\/api.w.org\/{rel}","templated":true}]}}