{"id":15168,"date":"2023-01-11T18:26:10","date_gmt":"2023-01-11T18:26:10","guid":{"rendered":"https:\/\/evebegalli.com\/?post_type=product&#038;p=15168"},"modified":"2023-01-12T12:31:38","modified_gmt":"2023-01-12T12:31:38","slug":"dogon-maternite-mali","status":"publish","type":"product","link":"https:\/\/evebegalli.com\/en\/product\/dogon-maternite-mali\/","title":{"rendered":"Dogon Maternit\u00e9, Mali"},"content":{"rendered":"<p><a name=\"v225\"><\/a><br \/>\n<div class=\"epyt-video-wrapper\"><iframe  id=\"_ytid_11082\"  width=\"1200\" height=\"675\"  data-origwidth=\"1200\" data-origheight=\"675\" src=\"https:\/\/www.youtube.com\/embed\/svrtFBoIA3U?enablejsapi=1&autoplay=0&cc_load_policy=0&cc_lang_pref=&iv_load_policy=1&loop=0&rel=0&fs=1&playsinline=0&autohide=2&theme=dark&color=red&controls=1&disablekb=0&\" class=\"__youtube_prefs__  no-lazyload\" title=\"YouTube player\"  allow=\"fullscreen; accelerometer; autoplay; clipboard-write; encrypted-media; gyroscope; picture-in-picture; web-share\" referrerpolicy=\"strict-origin-when-cross-origin\" allowfullscreen data-no-lazy=\"1\" data-skipgform_ajax_framebjll=\"\"><\/iframe><\/div><\/p>","protected":false},"excerpt":{"rendered":"<p>Magnifique composition en volumes doux et longilignes repr\u00e9sentant une femme agenouill\u00e9e, un enfant assis le long de son bras gauche et sur ses cuisses. Nous retrouvons d\u2019une part les attributs f\u00e9minins, les seins plats en triangle partant des \u00e9paules et \u00e9pousant la forme fusel\u00e9e du corps au-dessus d&rsquo;un ventre arrondi, la t\u00eate aux traits fins, la pose agenouill\u00e9e signe de d\u00e9f\u00e9rence et de respect. Et de l\u2019autre une barbe sculpt\u00e9e autour du visage sous une petite bouche tubulaire rhombo\u00efdal, d\u00e9note l\u2019aspect hermaphrodite de cette repr\u00e9sentation. La t\u00eate pr\u00e9sente cette forme tout \u00e0 fait typique de la statuaire du Mali, en \u00ab cloche \u00bb au sommet d\u2019un long cou. Les visages de la m\u00e8re et des enfants ont les traits caract\u00e9ristiques du style N\u2019dul\u00e9ri : le nez haut en forme d\u2019ancre, les yeux rapproch\u00e9s, en amande et un petit chignon sommital, r\u00e9miniscence des Djennenk\u00e9.\u00a0 Sous le menton est pr\u00e9sent un \u00e9l\u00e9ment vertical, une barbe ou un labret, ornementation traversant la l\u00e8vre inf\u00e9rieure. Les poignets sont orn\u00e9s de bracelets sculpt\u00e9s en relief.<br \/>\nStatue d\u2019autel familial symbolisant l\u2019anc\u00eatre f\u00e9minin, auquel on faisait appel lors des rites de pluie, de fertilit\u00e9 et pour s\u2019assurer le bon d\u00e9roulement des grossesses. La statue sortait lors des naissances, mais aussi pendant l\u2019initiation des jeunes.<br \/>\nBois recouvert d&rsquo;une sublime patine craquel\u00e9e couleur beige clair m\u00e9lange d\u2019amidon de mil cuit, mati\u00e8re lipidique et poussi\u00e8res min\u00e9rales. A l&rsquo;arri\u00e8re de la statue sont visibles des traces de coulures de teinte ocr\u00e9e dues aux libations d&rsquo;eau de mil blanc cru pratiqu\u00e9es dans un but propitiatoire selon le rite appel\u00e9 <em>Di Pil\u00f9. <\/em><\/p>\n<p><strong>Origin\u00a0 \u00a0 \u00a0 \u00a0 \u00a0 \u00a0 \u00a0 \u00a0 \u00a0 \u00a0 \u00a0 \u00a0<\/strong><br \/>\nEx private collection from the south of France.<\/p>\n<p style=\"text-align: center;\"><a class=\"maxbutton-1 maxbutton maxbutton-regardez-la-video\" href=\"#v225\"><span class='mb-text'>GO TO THE VIDEO<\/span><\/a><\/p>","protected":false},"featured_media":15192,"template":"","meta":{"_exactmetrics_skip_tracking":false,"_exactmetrics_sitenote_active":false,"_exactmetrics_sitenote_note":"","_exactmetrics_sitenote_category":0,"neve_meta_sidebar":"","neve_meta_container":"","neve_meta_enable_content_width":"on","neve_meta_content_width":100,"neve_meta_title_alignment":"","neve_meta_author_avatar":"","neve_post_elements_order":"","neve_meta_disable_header":"","neve_meta_disable_footer":"","neve_meta_disable_title":"","_themeisle_gutenberg_block_has_review":false},"product_brand":[],"product_cat":[27],"product_tag":[],"class_list":{"0":"post-15168","1":"product","2":"type-product","3":"status-publish","4":"has-post-thumbnail","6":"product_cat-statues","7":"pa_dimensions-h-37-cm","8":"pa_epoque-xixeme-siecle","9":"pa_ethnie-dogon","10":"pa_materiaux-bois-patine-de-libations","11":"pa_pays-mali","13":"first","14":"instock","15":"sold-individually","16":"taxable","17":"shipping-taxable","18":"purchasable","19":"product-type-simple","20":"add-to-wishlist-before_image"},"_links":{"self":[{"href":"https:\/\/evebegalli.com\/en\/wp-json\/wp\/v2\/product\/15168","targetHints":{"allow":["GET"]}}],"collection":[{"href":"https:\/\/evebegalli.com\/en\/wp-json\/wp\/v2\/product"}],"about":[{"href":"https:\/\/evebegalli.com\/en\/wp-json\/wp\/v2\/types\/product"}],"version-history":[{"count":6,"href":"https:\/\/evebegalli.com\/en\/wp-json\/wp\/v2\/product\/15168\/revisions"}],"predecessor-version":[{"id":15198,"href":"https:\/\/evebegalli.com\/en\/wp-json\/wp\/v2\/product\/15168\/revisions\/15198"}],"wp:featuredmedia":[{"embeddable":true,"href":"https:\/\/evebegalli.com\/en\/wp-json\/wp\/v2\/media\/15192"}],"wp:attachment":[{"href":"https:\/\/evebegalli.com\/en\/wp-json\/wp\/v2\/media?parent=15168"}],"wp:term":[{"taxonomy":"product_brand","embeddable":true,"href":"https:\/\/evebegalli.com\/en\/wp-json\/wp\/v2\/product_brand?post=15168"},{"taxonomy":"product_cat","embeddable":true,"href":"https:\/\/evebegalli.com\/en\/wp-json\/wp\/v2\/product_cat?post=15168"},{"taxonomy":"product_tag","embeddable":true,"href":"https:\/\/evebegalli.com\/en\/wp-json\/wp\/v2\/product_tag?post=15168"}],"curies":[{"name":"wp","href":"https:\/\/api.w.org\/{rel}","templated":true}]}}