{"id":13536,"date":"2022-04-04T16:51:35","date_gmt":"2022-04-04T16:51:35","guid":{"rendered":"https:\/\/evebegalli.com\/?post_type=product&#038;p=13536"},"modified":"2022-04-04T17:00:36","modified_gmt":"2022-04-04T17:00:36","slug":"fon-fetiche-a-trois-tetes-papa-densu-benin","status":"publish","type":"product","link":"https:\/\/evebegalli.com\/en\/product\/fon-fetiche-a-trois-tetes-papa-densu-benin\/","title":{"rendered":"Fon f\u00e9tiche \u00e0 trois t\u00eates, Papa Densu, B\u00e9nin"},"content":{"rendered":"","protected":false},"excerpt":{"rendered":"<p>Redoutable f\u00e9tiche \u00e0 trois t\u00eates repr\u00e9sentant Papa Densu, divinit\u00e9 aquatique des lacs et des rivi\u00e8res, li\u00e9 \u00e0 Mami Wata d\u00e9esse des mers et des oc\u00e9ans. Ces deux divinit\u00e9s sont principalement repr\u00e9sent\u00e9es avec trois t\u00eates, une qui regarde le pass\u00e9, l&rsquo;autre le pr\u00e9sent et la derni\u00e8re le futur. Ce f\u00e9tiche a visiblement fait l\u2019objet de libations sacrificielles, constitu\u00e9es d\u2019un m\u00e9lange de suie, d\u2019\u0153ufs cass\u00e9s, de sang animal s\u00e9ch\u00e9 et de beurre de karit\u00e9 offrant un spectacle puissant par une \u00e9paisse patine cro\u00fbteuse. Sur son torse est plant\u00e9 un couteau. Les\u00a0 diff\u00e9rents visages ont tous une expressivit\u00e9 tr\u00e8s forte d\u00e9gageant un sentiment de dignit\u00e9 et de puissance.<\/p>\n<p><strong>Origin<\/strong><br \/>\nEx private collection from the south of France.<\/p>","protected":false},"featured_media":13555,"template":"","meta":{"_exactmetrics_skip_tracking":false,"_exactmetrics_sitenote_active":false,"_exactmetrics_sitenote_note":"","_exactmetrics_sitenote_category":0,"neve_meta_sidebar":"","neve_meta_container":"","neve_meta_enable_content_width":"on","neve_meta_content_width":100,"neve_meta_title_alignment":"","neve_meta_author_avatar":"","neve_post_elements_order":"","neve_meta_disable_header":"","neve_meta_disable_footer":"","neve_meta_disable_title":"","_themeisle_gutenberg_block_has_review":false},"product_brand":[],"product_cat":[27],"product_tag":[],"class_list":{"0":"post-13536","1":"product","2":"type-product","3":"status-publish","4":"has-post-thumbnail","6":"product_cat-statues","7":"pa_dimensions-h-31-cm-2","8":"pa_epoque-moitie-du-xxeme-siecle-ou-avant","9":"pa_ethnie-fon","10":"pa_materiaux-bois-fer-patine-sacrificielle-beurre-de-karite","11":"pa_materiaux-cordes","12":"pa_materiaux-tissus","13":"pa_pays-benin","15":"first","16":"instock","17":"sold-individually","18":"taxable","19":"shipping-taxable","20":"purchasable","21":"product-type-simple","22":"add-to-wishlist-before_image"},"_links":{"self":[{"href":"https:\/\/evebegalli.com\/en\/wp-json\/wp\/v2\/product\/13536","targetHints":{"allow":["GET"]}}],"collection":[{"href":"https:\/\/evebegalli.com\/en\/wp-json\/wp\/v2\/product"}],"about":[{"href":"https:\/\/evebegalli.com\/en\/wp-json\/wp\/v2\/types\/product"}],"version-history":[{"count":0,"href":"https:\/\/evebegalli.com\/en\/wp-json\/wp\/v2\/product\/13536\/revisions"}],"wp:featuredmedia":[{"embeddable":true,"href":"https:\/\/evebegalli.com\/en\/wp-json\/wp\/v2\/media\/13555"}],"wp:attachment":[{"href":"https:\/\/evebegalli.com\/en\/wp-json\/wp\/v2\/media?parent=13536"}],"wp:term":[{"taxonomy":"product_brand","embeddable":true,"href":"https:\/\/evebegalli.com\/en\/wp-json\/wp\/v2\/product_brand?post=13536"},{"taxonomy":"product_cat","embeddable":true,"href":"https:\/\/evebegalli.com\/en\/wp-json\/wp\/v2\/product_cat?post=13536"},{"taxonomy":"product_tag","embeddable":true,"href":"https:\/\/evebegalli.com\/en\/wp-json\/wp\/v2\/product_tag?post=13536"}],"curies":[{"name":"wp","href":"https:\/\/api.w.org\/{rel}","templated":true}]}}