{"id":13508,"date":"2022-04-04T14:44:42","date_gmt":"2022-04-04T14:44:42","guid":{"rendered":"https:\/\/evebegalli.com\/?post_type=product&#038;p=13508"},"modified":"2022-04-04T15:06:28","modified_gmt":"2022-04-04T15:06:28","slug":"fon-bocio-kpe-paire-de-cornes-dantilope-benin","status":"publish","type":"product","link":"https:\/\/evebegalli.com\/en\/product\/fon-bocio-kpe-paire-de-cornes-dantilope-benin\/","title":{"rendered":"Fon bocio, kp\u00e9, paire de cornes d&rsquo;antilope, B\u00e9nin"},"content":{"rendered":"","protected":false},"excerpt":{"rendered":"<p>Magnifique paire de kp\u00e9s, cornes d&rsquo;antilope recouvertes d&rsquo;un amalgame de mati\u00e8res sacrificielles dans lequel est englob\u00e9e une statuette en bois. Les deux personnages peuvent \u00eatre des jumeaux, ce qui \u00e9voquerait prosp\u00e9rit\u00e9, chance et protection. Tr\u00e8s \u00e9paisse et ancienne patine de sang.<br \/>\nLa corne kp\u00e9 est employ\u00e9e pour demander protection. On termine souvent une s\u00e9ance en buvant une boisson de la corne qu\u2019on recrache dans les quatre directions ou apr\u00e8s en avoir l\u00e9ch\u00e9 la charge magique. Beaucoup de gu\u00e9risseurs en poss\u00e8dent.<\/p>\n<p><strong>Origin\u00a0<\/strong><br \/>\nCollect\u00e9 in situ en 1994 par Ann De Pauw et Luc Huysveld<br \/>\nEx private collection from the south of France.<\/p>\n<p><em><strong>Vendu avec certificat d\u2019authenticit\u00e9 de Ann De Pauw<\/strong><\/em><\/p>","protected":false},"featured_media":13511,"template":"","meta":{"_exactmetrics_skip_tracking":false,"_exactmetrics_sitenote_active":false,"_exactmetrics_sitenote_note":"","_exactmetrics_sitenote_category":0,"neve_meta_sidebar":"","neve_meta_container":"","neve_meta_enable_content_width":"on","neve_meta_content_width":100,"neve_meta_title_alignment":"","neve_meta_author_avatar":"","neve_post_elements_order":"","neve_meta_disable_header":"","neve_meta_disable_footer":"","neve_meta_disable_title":"","_themeisle_gutenberg_block_has_review":false},"product_brand":[],"product_cat":[27],"product_tag":[],"class_list":{"0":"post-13508","1":"product","2":"type-product","3":"status-publish","4":"has-post-thumbnail","6":"product_cat-statues","7":"pa_dimensions-h-31-cm-2","8":"pa_epoque-moitie-du-xxeme-siecle-ou-avant","9":"pa_ethnie-fon","10":"pa_materiaux-corne-bois-cordes-tissus-matieres-sacrificielles-organiques","11":"pa_materiaux-perles","12":"pa_pays-benin","14":"first","15":"instock","16":"sold-individually","17":"taxable","18":"shipping-taxable","19":"purchasable","20":"product-type-simple","21":"add-to-wishlist-before_image"},"_links":{"self":[{"href":"https:\/\/evebegalli.com\/en\/wp-json\/wp\/v2\/product\/13508","targetHints":{"allow":["GET"]}}],"collection":[{"href":"https:\/\/evebegalli.com\/en\/wp-json\/wp\/v2\/product"}],"about":[{"href":"https:\/\/evebegalli.com\/en\/wp-json\/wp\/v2\/types\/product"}],"version-history":[{"count":0,"href":"https:\/\/evebegalli.com\/en\/wp-json\/wp\/v2\/product\/13508\/revisions"}],"wp:featuredmedia":[{"embeddable":true,"href":"https:\/\/evebegalli.com\/en\/wp-json\/wp\/v2\/media\/13511"}],"wp:attachment":[{"href":"https:\/\/evebegalli.com\/en\/wp-json\/wp\/v2\/media?parent=13508"}],"wp:term":[{"taxonomy":"product_brand","embeddable":true,"href":"https:\/\/evebegalli.com\/en\/wp-json\/wp\/v2\/product_brand?post=13508"},{"taxonomy":"product_cat","embeddable":true,"href":"https:\/\/evebegalli.com\/en\/wp-json\/wp\/v2\/product_cat?post=13508"},{"taxonomy":"product_tag","embeddable":true,"href":"https:\/\/evebegalli.com\/en\/wp-json\/wp\/v2\/product_tag?post=13508"}],"curies":[{"name":"wp","href":"https:\/\/api.w.org\/{rel}","templated":true}]}}