{"id":13213,"date":"2022-03-19T14:42:57","date_gmt":"2022-03-19T14:42:57","guid":{"rendered":"https:\/\/evebegalli.com\/?post_type=product&#038;p=13213"},"modified":"2022-04-04T17:20:51","modified_gmt":"2022-04-04T17:20:51","slug":"statue-teke-republique-democratique-du-congo","status":"publish","type":"product","link":"https:\/\/evebegalli.com\/en\/product\/statue-teke-republique-democratique-du-congo\/","title":{"rendered":"Statue T\u00e9k\u00e9, R\u00e9publique D\u00e9mocratique du Congo"},"content":{"rendered":"","protected":false},"excerpt":{"rendered":"<p>Ancien f\u00e9tiche T\u00e9k\u00e9 de style \u00ab\u00a0Buttu\u00a0\u00bb repr\u00e9sentant un personnage masculin debout, les jambes l\u00e9g\u00e8rement fl\u00e9chies, le torse allong\u00e9 comprenant la cavit\u00e9 ventrale servant de r\u00e9ceptacle au \u00ab\u00a0bilongo\u00a0\u00bb la charge magique qui lui conf\u00e8re le pouvoir, ici vid\u00e9e. Les statues \u00ab\u00a0Butti\u00a0\u00bb T\u00e9k\u00e9 repr\u00e9sentent les anc\u00eatres. Dans leur bilongo, des mati\u00e8res f\u00e9tiches, telles que des ongles ou des cheveux du d\u00e9funt ont \u00e9t\u00e9 incorpor\u00e9es.<br \/>\nLe visage est recouvert de scarifications lin\u00e9aires caract\u00e9ristiques sur les tempes et les joues, les traits sont fins et apais\u00e9s, les yeux qui encadrent le nez sont \u00e9tir\u00e9s en amandes et pr\u00e9sentent des paupi\u00e8res ourl\u00e9es. La bouche est l\u00e9g\u00e8rement prognathe. Les oreilles de chaque cot\u00e9 du visage sont finement d\u00e9taill\u00e9es. Il porte une petite barbe. Une coiffe trilob\u00e9e surmonte le sommet du cr\u00e2ne.<br \/>\nBelle patine d&rsquo;usage.<\/p>\n<p><strong>Origin<\/strong><br \/>\nEx private collection from the south of France.<\/p>","protected":false},"featured_media":13562,"template":"","meta":{"_exactmetrics_skip_tracking":false,"_exactmetrics_sitenote_active":false,"_exactmetrics_sitenote_note":"","_exactmetrics_sitenote_category":0,"neve_meta_sidebar":"","neve_meta_container":"","neve_meta_enable_content_width":"on","neve_meta_content_width":100,"neve_meta_title_alignment":"","neve_meta_author_avatar":"","neve_post_elements_order":"","neve_meta_disable_header":"","neve_meta_disable_footer":"","neve_meta_disable_title":"","_themeisle_gutenberg_block_has_review":false},"product_brand":[],"product_cat":[27],"product_tag":[],"class_list":{"0":"post-13213","1":"product","2":"type-product","3":"status-publish","4":"has-post-thumbnail","6":"product_cat-statues","7":"pa_dimensions-h-29-cm-2","8":"pa_epoque-premiere-moitie-du-xxeme-siecle","9":"pa_ethnie-teke","10":"pa_materiaux-bois","11":"pa_pays-r-d-du-congo","13":"first","14":"instock","15":"sold-individually","16":"taxable","17":"shipping-taxable","18":"purchasable","19":"product-type-simple","20":"add-to-wishlist-before_image"},"_links":{"self":[{"href":"https:\/\/evebegalli.com\/en\/wp-json\/wp\/v2\/product\/13213","targetHints":{"allow":["GET"]}}],"collection":[{"href":"https:\/\/evebegalli.com\/en\/wp-json\/wp\/v2\/product"}],"about":[{"href":"https:\/\/evebegalli.com\/en\/wp-json\/wp\/v2\/types\/product"}],"version-history":[{"count":0,"href":"https:\/\/evebegalli.com\/en\/wp-json\/wp\/v2\/product\/13213\/revisions"}],"wp:featuredmedia":[{"embeddable":true,"href":"https:\/\/evebegalli.com\/en\/wp-json\/wp\/v2\/media\/13562"}],"wp:attachment":[{"href":"https:\/\/evebegalli.com\/en\/wp-json\/wp\/v2\/media?parent=13213"}],"wp:term":[{"taxonomy":"product_brand","embeddable":true,"href":"https:\/\/evebegalli.com\/en\/wp-json\/wp\/v2\/product_brand?post=13213"},{"taxonomy":"product_cat","embeddable":true,"href":"https:\/\/evebegalli.com\/en\/wp-json\/wp\/v2\/product_cat?post=13213"},{"taxonomy":"product_tag","embeddable":true,"href":"https:\/\/evebegalli.com\/en\/wp-json\/wp\/v2\/product_tag?post=13213"}],"curies":[{"name":"wp","href":"https:\/\/api.w.org\/{rel}","templated":true}]}}